{"id":1353,"date":"2023-03-19T14:46:59","date_gmt":"2023-03-19T13:46:59","guid":{"rendered":"https:\/\/aelbienetre.fr\/?post_type=product&#038;p=1353"},"modified":"2024-12-28T22:17:35","modified_gmt":"2024-12-28T21:17:35","slug":"savon-bio-au-lait-de-chevre","status":"publish","type":"product","link":"https:\/\/aelbienetre.fr\/index.php\/produit\/savon-bio-au-lait-de-chevre\/","title":{"rendered":"Savon bio au lait de ch\u00e8vre"},"content":{"rendered":"<p><strong>Le lait de ch\u00e8vre<\/strong>, riche en acides gras et acides amin\u00e9s, apaise les peaux r\u00e9actives tout en r\u00e9gulant le s\u00e9bum. Gr\u00e2ce \u00e0 son acide lactique, il exfolie d\u00e9licatement, favorisant une peau plus lisse et \u00e9clatante, tout en pr\u00e9servant la douceur naturelle gr\u00e2ce \u00e0 une hydratation intense. La vitamine A du lait de ch\u00e8vre contribuent \u00e0 stimuler la r\u00e9g\u00e9n\u00e9ration cellulaire, offrant ainsi une protection contre les radicaux libres.<\/p>\n<p>En ce qui concerne les peaux sensibles et irrit\u00e9es, ce type de lait a des propri\u00e9t\u00e9s anti-inflammatoires et apaisantes, il est fortement recommand\u00e9 pour soulager des probl\u00e8mes cutan\u00e9s tels que l&#8217;ecz\u00e9ma et le psoriasis.<\/p>\n<p>&nbsp;<\/p>\n<p>Le savon au romarin est\u00a0l\u00e9g\u00e8rement exfoliant, \u00e0 base de feuilles d&#8217;olivier bio parfum romarin de Provence.<\/p>\n<p>&nbsp;<\/p>\n<p>COSMOS ORGANIC certifi\u00e9 par Ecocert Greenlife selon le r\u00e9f\u00e9rentiel COSMOS\u00a0( 68% du total des ingr\u00e9dients sont issus de l\u2019Agriculture Biologique 100% du total est d\u2019origine naturelle).<\/p>\n<p>Fabrication artisanale en UE: la couleur ou le design peut \u00eatre l\u00e9g\u00e8rement diff\u00e9rent de la photo.<\/p>\n","protected":false},"excerpt":{"rendered":"<p>Le lait de ch\u00e8vre, riche en acides gras et acides amin\u00e9s, apaise les peaux r\u00e9actives tout en r\u00e9gulant le s\u00e9bum. Gr\u00e2ce \u00e0 son acide lactique, il exfolie d\u00e9licatement, favorisant une peau plus lisse et \u00e9clatante, tout en pr\u00e9servant la douceur naturelle gr\u00e2ce \u00e0 une hydratation intense. La vitamine A du lait de ch\u00e8vre contribuent \u00e0 [&hellip;]<\/p>\n","protected":false},"featured_media":1777,"comment_status":"open","ping_status":"closed","template":"","meta":[],"product_cat":[22],"product_tag":[],"yoast_head":"<!-- This site is optimized with the Yoast SEO plugin v23.2 - https:\/\/yoast.com\/wordpress\/plugins\/seo\/ -->\n<title>Savon bio au lait de ch\u00e8vre - Ael Bien-\u00eatre<\/title>\n<meta name=\"robots\" content=\"index, follow, max-snippet:-1, max-image-preview:large, max-video-preview:-1\" \/>\n<link rel=\"canonical\" href=\"https:\/\/aelbienetre.fr\/index.php\/produit\/savon-bio-au-lait-de-chevre\/\" \/>\n<meta property=\"og:locale\" content=\"fr_FR\" \/>\n<meta property=\"og:type\" content=\"article\" \/>\n<meta property=\"og:title\" content=\"Savon bio au lait de ch\u00e8vre - Ael Bien-\u00eatre\" \/>\n<meta property=\"og:description\" content=\"Le lait de ch\u00e8vre, riche en acides gras et acides amin\u00e9s, apaise les peaux r\u00e9actives tout en r\u00e9gulant le s\u00e9bum. Gr\u00e2ce \u00e0 son acide lactique, il exfolie d\u00e9licatement, favorisant une peau plus lisse et \u00e9clatante, tout en pr\u00e9servant la douceur naturelle gr\u00e2ce \u00e0 une hydratation intense. La vitamine A du lait de ch\u00e8vre contribuent \u00e0 [&hellip;]\" \/>\n<meta property=\"og:url\" content=\"https:\/\/aelbienetre.fr\/index.php\/produit\/savon-bio-au-lait-de-chevre\/\" \/>\n<meta property=\"og:site_name\" content=\"Ael Bien-\u00eatre\" \/>\n<meta property=\"article:publisher\" content=\"https:\/\/www.facebook.com\/profile.php?id=100089567651182\" \/>\n<meta property=\"article:modified_time\" content=\"2024-12-28T21:17:35+00:00\" \/>\n<meta property=\"og:image\" content=\"https:\/\/aelbienetre.fr\/wp-content\/uploads\/2023\/03\/savon-issu-de-l-agriculture-biologique-certifie-par-ecocert-bio-lait-de-chevre.jpg\" \/>\n\t<meta property=\"og:image:width\" content=\"600\" \/>\n\t<meta property=\"og:image:height\" content=\"600\" \/>\n\t<meta property=\"og:image:type\" content=\"image\/jpeg\" \/>\n<meta name=\"twitter:card\" content=\"summary_large_image\" \/>\n<meta name=\"twitter:label1\" content=\"Dur\u00e9e de lecture estim\u00e9e\" \/>\n\t<meta name=\"twitter:data1\" content=\"2 minutes\" \/>\n<script type=\"application\/ld+json\" class=\"yoast-schema-graph\">{\"@context\":\"https:\/\/schema.org\",\"@graph\":[{\"@type\":\"WebPage\",\"@id\":\"https:\/\/aelbienetre.fr\/index.php\/produit\/savon-bio-au-lait-de-chevre\/\",\"url\":\"https:\/\/aelbienetre.fr\/index.php\/produit\/savon-bio-au-lait-de-chevre\/\",\"name\":\"Savon bio au lait de ch\u00e8vre - Ael Bien-\u00eatre\",\"isPartOf\":{\"@id\":\"https:\/\/aelbienetre.fr\/#website\"},\"primaryImageOfPage\":{\"@id\":\"https:\/\/aelbienetre.fr\/index.php\/produit\/savon-bio-au-lait-de-chevre\/#primaryimage\"},\"image\":{\"@id\":\"https:\/\/aelbienetre.fr\/index.php\/produit\/savon-bio-au-lait-de-chevre\/#primaryimage\"},\"thumbnailUrl\":\"https:\/\/aelbienetre.fr\/wp-content\/uploads\/2023\/03\/savon-issu-de-l-agriculture-biologique-certifie-par-ecocert-bio-lait-de-chevre.jpg\",\"datePublished\":\"2023-03-19T13:46:59+00:00\",\"dateModified\":\"2024-12-28T21:17:35+00:00\",\"breadcrumb\":{\"@id\":\"https:\/\/aelbienetre.fr\/index.php\/produit\/savon-bio-au-lait-de-chevre\/#breadcrumb\"},\"inLanguage\":\"fr-FR\",\"potentialAction\":[{\"@type\":\"ReadAction\",\"target\":[\"https:\/\/aelbienetre.fr\/index.php\/produit\/savon-bio-au-lait-de-chevre\/\"]}]},{\"@type\":\"ImageObject\",\"inLanguage\":\"fr-FR\",\"@id\":\"https:\/\/aelbienetre.fr\/index.php\/produit\/savon-bio-au-lait-de-chevre\/#primaryimage\",\"url\":\"https:\/\/aelbienetre.fr\/wp-content\/uploads\/2023\/03\/savon-issu-de-l-agriculture-biologique-certifie-par-ecocert-bio-lait-de-chevre.jpg\",\"contentUrl\":\"https:\/\/aelbienetre.fr\/wp-content\/uploads\/2023\/03\/savon-issu-de-l-agriculture-biologique-certifie-par-ecocert-bio-lait-de-chevre.jpg\",\"width\":600,\"height\":600,\"caption\":\"Savon bio\"},{\"@type\":\"BreadcrumbList\",\"@id\":\"https:\/\/aelbienetre.fr\/index.php\/produit\/savon-bio-au-lait-de-chevre\/#breadcrumb\",\"itemListElement\":[{\"@type\":\"ListItem\",\"position\":1,\"name\":\"Produits d\u00e9tente\",\"item\":\"https:\/\/aelbienetre.fr\/index.php\/boutique\/\"},{\"@type\":\"ListItem\",\"position\":2,\"name\":\"Savon bio au lait de ch\u00e8vre\"}]},{\"@type\":\"WebSite\",\"@id\":\"https:\/\/aelbienetre.fr\/#website\",\"url\":\"https:\/\/aelbienetre.fr\/\",\"name\":\"Ael Bien-\u00eatre\",\"description\":\"Produits de bien-\u00eatre pour la douche et le bain\",\"publisher\":{\"@id\":\"https:\/\/aelbienetre.fr\/#organization\"},\"potentialAction\":[{\"@type\":\"SearchAction\",\"target\":{\"@type\":\"EntryPoint\",\"urlTemplate\":\"https:\/\/aelbienetre.fr\/?s={search_term_string}\"},\"query-input\":\"required name=search_term_string\"}],\"inLanguage\":\"fr-FR\"},{\"@type\":\"Organization\",\"@id\":\"https:\/\/aelbienetre.fr\/#organization\",\"name\":\"Ael Bien-\u00eatre\",\"url\":\"https:\/\/aelbienetre.fr\/\",\"logo\":{\"@type\":\"ImageObject\",\"inLanguage\":\"fr-FR\",\"@id\":\"https:\/\/aelbienetre.fr\/#\/schema\/logo\/image\/\",\"url\":\"https:\/\/aelbienetre.fr\/wp-content\/uploads\/2023\/03\/Logo.png\",\"contentUrl\":\"https:\/\/aelbienetre.fr\/wp-content\/uploads\/2023\/03\/Logo.png\",\"width\":1200,\"height\":950,\"caption\":\"Ael Bien-\u00eatre\"},\"image\":{\"@id\":\"https:\/\/aelbienetre.fr\/#\/schema\/logo\/image\/\"},\"sameAs\":[\"https:\/\/www.facebook.com\/profile.php?id=100089567651182\",\"https:\/\/www.pinterest.fr\/aelbienetre\/\",\"https:\/\/www.instagram.com\/aelbienetre\/\"]}]}<\/script>\n<!-- \/ Yoast SEO plugin. -->","yoast_head_json":{"title":"Savon bio au lait de ch\u00e8vre - Ael Bien-\u00eatre","robots":{"index":"index","follow":"follow","max-snippet":"max-snippet:-1","max-image-preview":"max-image-preview:large","max-video-preview":"max-video-preview:-1"},"canonical":"https:\/\/aelbienetre.fr\/index.php\/produit\/savon-bio-au-lait-de-chevre\/","og_locale":"fr_FR","og_type":"article","og_title":"Savon bio au lait de ch\u00e8vre - Ael Bien-\u00eatre","og_description":"Le lait de ch\u00e8vre, riche en acides gras et acides amin\u00e9s, apaise les peaux r\u00e9actives tout en r\u00e9gulant le s\u00e9bum. Gr\u00e2ce \u00e0 son acide lactique, il exfolie d\u00e9licatement, favorisant une peau plus lisse et \u00e9clatante, tout en pr\u00e9servant la douceur naturelle gr\u00e2ce \u00e0 une hydratation intense. La vitamine A du lait de ch\u00e8vre contribuent \u00e0 [&hellip;]","og_url":"https:\/\/aelbienetre.fr\/index.php\/produit\/savon-bio-au-lait-de-chevre\/","og_site_name":"Ael Bien-\u00eatre","article_publisher":"https:\/\/www.facebook.com\/profile.php?id=100089567651182","article_modified_time":"2024-12-28T21:17:35+00:00","og_image":[{"width":600,"height":600,"url":"https:\/\/aelbienetre.fr\/wp-content\/uploads\/2023\/03\/savon-issu-de-l-agriculture-biologique-certifie-par-ecocert-bio-lait-de-chevre.jpg","type":"image\/jpeg"}],"twitter_card":"summary_large_image","twitter_misc":{"Dur\u00e9e de lecture estim\u00e9e":"2 minutes"},"schema":{"@context":"https:\/\/schema.org","@graph":[{"@type":"WebPage","@id":"https:\/\/aelbienetre.fr\/index.php\/produit\/savon-bio-au-lait-de-chevre\/","url":"https:\/\/aelbienetre.fr\/index.php\/produit\/savon-bio-au-lait-de-chevre\/","name":"Savon bio au lait de ch\u00e8vre - Ael Bien-\u00eatre","isPartOf":{"@id":"https:\/\/aelbienetre.fr\/#website"},"primaryImageOfPage":{"@id":"https:\/\/aelbienetre.fr\/index.php\/produit\/savon-bio-au-lait-de-chevre\/#primaryimage"},"image":{"@id":"https:\/\/aelbienetre.fr\/index.php\/produit\/savon-bio-au-lait-de-chevre\/#primaryimage"},"thumbnailUrl":"https:\/\/aelbienetre.fr\/wp-content\/uploads\/2023\/03\/savon-issu-de-l-agriculture-biologique-certifie-par-ecocert-bio-lait-de-chevre.jpg","datePublished":"2023-03-19T13:46:59+00:00","dateModified":"2024-12-28T21:17:35+00:00","breadcrumb":{"@id":"https:\/\/aelbienetre.fr\/index.php\/produit\/savon-bio-au-lait-de-chevre\/#breadcrumb"},"inLanguage":"fr-FR","potentialAction":[{"@type":"ReadAction","target":["https:\/\/aelbienetre.fr\/index.php\/produit\/savon-bio-au-lait-de-chevre\/"]}]},{"@type":"ImageObject","inLanguage":"fr-FR","@id":"https:\/\/aelbienetre.fr\/index.php\/produit\/savon-bio-au-lait-de-chevre\/#primaryimage","url":"https:\/\/aelbienetre.fr\/wp-content\/uploads\/2023\/03\/savon-issu-de-l-agriculture-biologique-certifie-par-ecocert-bio-lait-de-chevre.jpg","contentUrl":"https:\/\/aelbienetre.fr\/wp-content\/uploads\/2023\/03\/savon-issu-de-l-agriculture-biologique-certifie-par-ecocert-bio-lait-de-chevre.jpg","width":600,"height":600,"caption":"Savon bio"},{"@type":"BreadcrumbList","@id":"https:\/\/aelbienetre.fr\/index.php\/produit\/savon-bio-au-lait-de-chevre\/#breadcrumb","itemListElement":[{"@type":"ListItem","position":1,"name":"Produits d\u00e9tente","item":"https:\/\/aelbienetre.fr\/index.php\/boutique\/"},{"@type":"ListItem","position":2,"name":"Savon bio au lait de ch\u00e8vre"}]},{"@type":"WebSite","@id":"https:\/\/aelbienetre.fr\/#website","url":"https:\/\/aelbienetre.fr\/","name":"Ael Bien-\u00eatre","description":"Produits de bien-\u00eatre pour la douche et le bain","publisher":{"@id":"https:\/\/aelbienetre.fr\/#organization"},"potentialAction":[{"@type":"SearchAction","target":{"@type":"EntryPoint","urlTemplate":"https:\/\/aelbienetre.fr\/?s={search_term_string}"},"query-input":"required name=search_term_string"}],"inLanguage":"fr-FR"},{"@type":"Organization","@id":"https:\/\/aelbienetre.fr\/#organization","name":"Ael Bien-\u00eatre","url":"https:\/\/aelbienetre.fr\/","logo":{"@type":"ImageObject","inLanguage":"fr-FR","@id":"https:\/\/aelbienetre.fr\/#\/schema\/logo\/image\/","url":"https:\/\/aelbienetre.fr\/wp-content\/uploads\/2023\/03\/Logo.png","contentUrl":"https:\/\/aelbienetre.fr\/wp-content\/uploads\/2023\/03\/Logo.png","width":1200,"height":950,"caption":"Ael Bien-\u00eatre"},"image":{"@id":"https:\/\/aelbienetre.fr\/#\/schema\/logo\/image\/"},"sameAs":["https:\/\/www.facebook.com\/profile.php?id=100089567651182","https:\/\/www.pinterest.fr\/aelbienetre\/","https:\/\/www.instagram.com\/aelbienetre\/"]}]}},"jetpack_sharing_enabled":true,"jetpack-related-posts":[],"_links":{"self":[{"href":"https:\/\/aelbienetre.fr\/index.php\/wp-json\/wp\/v2\/product\/1353"}],"collection":[{"href":"https:\/\/aelbienetre.fr\/index.php\/wp-json\/wp\/v2\/product"}],"about":[{"href":"https:\/\/aelbienetre.fr\/index.php\/wp-json\/wp\/v2\/types\/product"}],"replies":[{"embeddable":true,"href":"https:\/\/aelbienetre.fr\/index.php\/wp-json\/wp\/v2\/comments?post=1353"}],"version-history":[{"count":3,"href":"https:\/\/aelbienetre.fr\/index.php\/wp-json\/wp\/v2\/product\/1353\/revisions"}],"predecessor-version":[{"id":3581,"href":"https:\/\/aelbienetre.fr\/index.php\/wp-json\/wp\/v2\/product\/1353\/revisions\/3581"}],"wp:featuredmedia":[{"embeddable":true,"href":"https:\/\/aelbienetre.fr\/index.php\/wp-json\/wp\/v2\/media\/1777"}],"wp:attachment":[{"href":"https:\/\/aelbienetre.fr\/index.php\/wp-json\/wp\/v2\/media?parent=1353"}],"wp:term":[{"taxonomy":"product_cat","embeddable":true,"href":"https:\/\/aelbienetre.fr\/index.php\/wp-json\/wp\/v2\/product_cat?post=1353"},{"taxonomy":"product_tag","embeddable":true,"href":"https:\/\/aelbienetre.fr\/index.php\/wp-json\/wp\/v2\/product_tag?post=1353"}],"curies":[{"name":"wp","href":"https:\/\/api.w.org\/{rel}","templated":true}]}}